{"id":3763,"date":"2022-02-13T11:39:59","date_gmt":"2022-02-13T10:39:59","guid":{"rendered":"http:\/\/cosmena.com\/?page_id=3763"},"modified":"2022-02-18T08:46:25","modified_gmt":"2022-02-18T07:46:25","slug":"integritetspolicy","status":"publish","type":"page","link":"https:\/\/cosmena.com\/sv\/integritetspolicy\/","title":{"rendered":"Integritetspolicy"},"content":{"rendered":"\n<div class=\"wp-block-media-text alignfull is-stacked-on-mobile is-image-fill has-background\" style=\"background-color:#e8e8e8\"><figure class=\"wp-block-media-text__media\" style=\"background-image:url(http:\/\/cosmena.com\/wp-content\/uploads\/2021\/12\/privacy-policy-hero-1200-675px-1024x576.png);background-position:50% 50%\"><img loading=\"lazy\" decoding=\"async\" width=\"1024\" height=\"576\" src=\"http:\/\/cosmena.com\/wp-content\/uploads\/2021\/12\/privacy-policy-hero-1200-675px-1024x576.png\" alt=\"privacy-policy-hero-1200-675px\" class=\"wp-image-3058 size-full\" srcset=\"https:\/\/cosmena.com\/wp-content\/uploads\/2021\/12\/privacy-policy-hero-1200-675px-1024x576.png 1024w, https:\/\/cosmena.com\/wp-content\/uploads\/2021\/12\/privacy-policy-hero-1200-675px-300x169.png 300w, https:\/\/cosmena.com\/wp-content\/uploads\/2021\/12\/privacy-policy-hero-1200-675px-768x432.png 768w, https:\/\/cosmena.com\/wp-content\/uploads\/2021\/12\/privacy-policy-hero-1200-675px.png 1200w\" sizes=\"auto, (max-width: 1024px) 100vw, 1024px\" \/><\/figure><div class=\"wp-block-media-text__content\">\n<div style=\"height:100px\" aria-hidden=\"true\" class=\"wp-block-spacer\"><\/div>\n\n\n\n<h1 class=\"wp-block-heading\"><strong>Integritetspolicy<\/strong><\/h1>\n\n\n\n<p class=\"has-medium-font-size\">Vi tar v\u00e5ra dataskyddskrav p\u00e5 st\u00f6rsta allvar och vi vill att du ska f\u00f6rst\u00e5 hur vi anv\u00e4nder din personliga information. Cosmenas integritetspolicy beskriver hur vi hanterar din data, med vem vi delar den, vilka r\u00e4ttigheter du har i f\u00f6rh\u00e5llande till dessa uppgifter och allt annat vi anser att du b\u00f6r vara medveten om.<br><\/p>\n\n\n\n<p>Vi samlar in dina personuppgifter i f\u00f6rsta hand f\u00f6r att f\u00f6rse dig med tj\u00e4nster som du beg\u00e4r fr\u00e5n oss via Cosmena.com. I denna integritetspolicy kallas webbplatsen f\u00f6r &#8221;plattformen&#8221;. F\u00f6r att uppn\u00e5 detta kan vi kr\u00e4va viss information fr\u00e5n dig om din h\u00e4lsa eller brottsdomar.<br><\/p>\n\n\n\n<p>Kom ih\u00e5g att du har flera r\u00e4ttigheter ang\u00e5ende dina personuppgifter, som du kan ut\u00f6va genom att kontakta oss med hj\u00e4lp av informationen i denna integritetspolicy.<\/p>\n\n\n\n<div style=\"height:100px\" aria-hidden=\"true\" class=\"wp-block-spacer\"><\/div>\n<\/div><\/div>\n\n\n\n<div style=\"height:50px\" aria-hidden=\"true\" class=\"wp-block-spacer\"><\/div>\n\n\n\n<h2 class=\"wp-block-heading\">Information &amp; data vi samlar in<\/h2>\n\n\n\n<p>Beroende p\u00e5 vilken typ av koppling du har till v\u00e5ra tj\u00e4nster f\u00e5r vi information fr\u00e5n eller om dig. Vi anv\u00e4nder den information du ger oss. Du kan ge oss information p\u00e5 en m\u00e4ngd olika s\u00e4tt som du kan se nedan:<\/p>\n\n\n\n<div class=\"wp-block-columns alignwide is-layout-flex wp-container-core-columns-is-layout-9d6595d7 wp-block-columns-is-layout-flex\">\n<div class=\"wp-block-column is-layout-flow wp-block-column-is-layout-flow\">\n<h3 class=\"wp-block-heading\">Anv\u00e4ndning av v\u00e5ra produkter och tj\u00e4nster<\/h3>\n\n\n\n<p>Din fysiska adress, namn, e-postadress, f\u00f6delsedatum, k\u00f6n, postnummer\/stad, civilst\u00e5nd, annan platsinformation (n\u00e4r du anv\u00e4nder produkter som inte \u00e4r tillg\u00e4ngliga i alla geografiska omr\u00e5den) och h\u00e4lsoinformation (diagnos, n\u00e4r du fick diagnosen, mediciner du du tar, eller vilken typ av v\u00e5rd du letar efter). Vi kan ocks\u00e5 samla in information om de aktiviteter du g\u00f6r n\u00e4r du loggar in p\u00e5 ditt konto eller den information du tillhandah\u00e5ller n\u00e4r du anv\u00e4nder en produkt, till exempel att ordna medicinsk behandling.<br><\/p>\n\n\n\n<p>Vi samlar endast in fysisk adress, namn, e-postadress, f\u00f6delsedatum, k\u00f6n, postnummer\/stad, civilst\u00e5nd, annan platsinformation och h\u00e4lsoinformation om du samtycker till att vi samlar in informationen. Du kan n\u00e4r som helst \u00e5terkalla ditt samtycke genom att kontakta oss.<br><\/p>\n\n\n\n<h3 class=\"wp-block-heading\">Andra formul\u00e4r f\u00f6r potentiella kunder och orderhantering<br><\/h3>\n\n\n\n<p>N\u00e4r du anv\u00e4nder v\u00e5ra best\u00e4llnings- och leadformul\u00e4r p\u00e5 v\u00e5ra tj\u00e4nster samlar vi in \u200b\u200binformation. Till exempel ditt namn, e-postadress, telefonnummer, adress, h\u00e4lsoinformation et al.<br><\/p>\n\n\n\n<h3 class=\"wp-block-heading\">H\u00e4nvisningar till oss<br><\/h3>\n\n\n\n<p>Du kan ibland dela information om andra, som att h\u00e4nvisa en v\u00e4n till ett nyhetsbrev. Vi kan anv\u00e4nda din information f\u00f6r att tillhandah\u00e5lla v\u00e5ra tj\u00e4nster till de personer du h\u00e4nvisar till.<br><\/p>\n\n\n\n<h3 class=\"wp-block-heading\">Fr\u00e5geformul\u00e4r<br><\/h3>\n\n\n\n<p>N\u00e4r du deltar i en unders\u00f6kning eller fr\u00e5gesport kommer vi att samla in informationen du l\u00e4mnar i unders\u00f6kningen eller fr\u00e5gesporten enligt beskrivningen i unders\u00f6kningen eller fr\u00e5gesporten. Om din information tillhandah\u00e5lls av en tredje parts tj\u00e4nsteleverant\u00f6r kommer insamlingen, anv\u00e4ndningen och distributionen av din information att styras av den tredje partens integritetsregler.<\/p>\n\n\n\n<p><\/p>\n<\/div>\n\n\n\n<div class=\"wp-block-column is-layout-flow wp-block-column-is-layout-flow\">\n<h3 class=\"wp-block-heading\">Information som du laddar upp p\u00e5 Tj\u00e4nsterna<br><\/h3>\n\n\n\n<p>N\u00e4r du ger eller publicerar information till v\u00e5ra tj\u00e4nster, s\u00e5som ditt anv\u00e4ndarnamn, kommentarer, gilla-markeringar, intressen, status, fotografier och referenser till din onlinen\u00e4rvaro, kan vi samla in personlig information fr\u00e5n dig.<br><\/p>\n\n\n\n<h3 class=\"wp-block-heading\">Support eller feedback<br><\/h3>\n\n\n\n<p>Om du kontaktar oss f\u00f6r hj\u00e4lp kan vi samla in ditt namn och din e-postadress och all annan information du erbjuder oss f\u00f6r att svara.<br><\/p>\n\n\n\n<h3 class=\"wp-block-heading\">E-postlista<br><\/h3>\n\n\n\n<p>Vi samlar in din e-postadress och\/eller postadress n\u00e4r du registrerar dig f\u00f6r en av v\u00e5ra e-postlistor. Dessutom har vi ett kommersiellt behov av att kommunicera information om v\u00e5ra varor eller tj\u00e4nster; s\u00e5lunda samlar vi in och anv\u00e4nder dessa data.<br><\/p>\n\n\n\n<h3 class=\"wp-block-heading\">Marknadsf\u00f6ring av partners<br><\/h3>\n\n\n\n<p>Vi samlar in all information du v\u00e4ljer att dela som en del av en kampanj med ett annat f\u00f6retag. Insamlingen och anv\u00e4ndningen av denna data motiveras av en kommersiell n\u00f6dv\u00e4ndighet f\u00f6r att genomf\u00f6ra v\u00e5ra kampanjer.<\/p>\n<\/div>\n<\/div>\n\n\n\n<div style=\"height:50px\" aria-hidden=\"true\" class=\"wp-block-spacer\"><\/div>\n\n\n\n<h2 class=\"alignwide wp-block-heading\"><strong>Information och data fr\u00e5n dig<\/strong><\/h2>\n\n\n\n<div class=\"wp-block-columns alignwide is-layout-flex wp-container-core-columns-is-layout-9d6595d7 wp-block-columns-is-layout-flex\">\n<div class=\"wp-block-column is-layout-flow wp-block-column-is-layout-flow\">\n<p>N\u00e4r du anv\u00e4nder v\u00e5ra tj\u00e4nster kan vi samla in information om dig automatiskt, inklusive f\u00f6ljande:<\/p>\n<\/div>\n<\/div>\n\n\n\n<div class=\"wp-block-columns alignwide is-layout-flex wp-container-core-columns-is-layout-9d6595d7 wp-block-columns-is-layout-flex\">\n<div class=\"wp-block-column is-layout-flow wp-block-column-is-layout-flow\">\n<h3 class=\"wp-block-heading\">E-postanslutning<br><\/h3>\n\n\n\n<p>Vi kan anv\u00e4nda teknik f\u00f6r att samla in data n\u00e4r du l\u00e4ser v\u00e5ra e-postmeddelanden, klickar p\u00e5 l\u00e4nkar eller annonser och g\u00f6r transaktioner.<br><\/p>\n\n\n\n<h3 class=\"wp-block-heading\">Mobilenhet<br><\/h3>\n\n\n\n<p>Vi kan samla in information fr\u00e5n din mobila enhet n\u00e4r du bes\u00f6ker n\u00e5gon av v\u00e5ra tj\u00e4nster. Vi samlar in och anv\u00e4nder denna data f\u00f6r att identifiera unika bes\u00f6kare och analysera hur m\u00e4nniskor interagerar med oss p\u00e5 sina enheter.<br><\/p>\n\n\n\n<h3 class=\"wp-block-heading\">Webbinteraktioner<br><\/h3>\n\n\n\n<p>Vi anv\u00e4nder teknik f\u00f6r att sp\u00e5ra hur du anv\u00e4nder v\u00e5r webbplats (t.ex. sessionsrepris). Detta kan inkludera l\u00e4nkar som du bes\u00f6ker eller data som du anger i v\u00e5ra webbformul\u00e4r. Detta kan ocks\u00e5 inneh\u00e5lla enhets- eller webbl\u00e4sarinformation.<br><\/p>\n\n\n\n<h3 class=\"wp-block-heading\">Platsdata<br><\/h3>\n\n\n\n<p>V\u00e5ra tj\u00e4nster kan be om ditt samtycke f\u00f6r att samla in platsdata n\u00e4r du anv\u00e4nder dem. Som ett resultat, om du v\u00e4ljer att inte skicka in din platsdata, kan vissa tj\u00e4nsteelement (s\u00e5som platsbaserade erbjudanden f\u00f6r lokala l\u00e4karmottagningar eller apotek) vara otillg\u00e4ngliga.<\/p>\n<\/div>\n\n\n\n<div class=\"wp-block-column is-layout-flow wp-block-column-is-layout-flow\">\n<h3 class=\"wp-block-heading\"><strong>Cookies<\/strong><\/h3>\n\n\n\n<p>F\u00f6r att vi ska kunna f\u00f6rse dig med de b\u00e4sta tj\u00e4nsterna kan Tj\u00e4nsterna samla in eller ta emot information om dig och\/eller din(a) enhet(er) via anv\u00e4ndning av enhetsbaserade sp\u00e5rningsteknologier som pixlar, cookies, taggar, beacons, scripts eller liknande sp\u00e5rningsteknik (sammantaget &#8221;Cookie&#8221;)<br><\/p>\n\n\n\n<p>Vi samlar in och anv\u00e4nder denna data f\u00f6r att f\u00e5 v\u00e5r webbplats att fungera effektivt, presentera dig f\u00f6r olika onlineupplevelser och bevara dina preferenser som inloggning och \u00f6nskat spr\u00e5k. Se v\u00e5r cookiepolicy f\u00f6r mer.<\/p>\n<\/div>\n<\/div>\n\n\n\n<div style=\"height:50px\" aria-hidden=\"true\" class=\"wp-block-spacer\"><\/div>\n\n\n\n<h2 class=\"alignwide has-text-align-left wp-block-heading\"><strong>Andra datak\u00e4llor<\/strong><\/h2>\n\n\n\n<div class=\"wp-block-columns alignwide is-layout-flex wp-container-core-columns-is-layout-9d6595d7 wp-block-columns-is-layout-flex\">\n<div class=\"wp-block-column is-layout-flow wp-block-column-is-layout-flow\">\n<h3 class=\"wp-block-heading\"><strong>Kunddata<\/strong><\/h3>\n\n\n\n<p>Interaktion med v\u00e5ra f\u00f6retagskunder och deras anst\u00e4llda kan resultera i insamling av personlig kontaktinformation.<\/p>\n\n\n\n<h3 class=\"wp-block-heading\"><strong>Finansiell data<\/strong><\/h3>\n\n\n\n<p>Du b\u00f6r vara medveten om att n\u00e4r du anv\u00e4nder vissa av v\u00e5ra tj\u00e4nster kan vi f\u00e5 information om dig fr\u00e5n kreditupplysningstj\u00e4nster. Information om dig anv\u00e4nds efter behov i processen f\u00f6r att leverera de tj\u00e4nster du har efterfr\u00e5gat, uppr\u00e4tth\u00e5lla fortsatta kundf\u00f6rbindelser, tillhandah\u00e5lla service och hantera ditt konto, och i enlighet med statlig och federal lag.<\/p>\n\n\n\n<h3 class=\"wp-block-heading\"><strong>Demografisk data<\/strong><\/h3>\n\n\n\n<p>Personlig information som din, utbildningsniv\u00e5, k\u00f6n, \u00e5lder och\/eller familjestorlek.<\/p>\n<\/div>\n\n\n\n<div class=\"wp-block-column is-layout-flow wp-block-column-is-layout-flow\">\n<h3 class=\"wp-block-heading\"><strong>Information om aktivitet och anv\u00e4ndning<\/strong><\/h3>\n\n\n\n<p>Inklusive information om dina preferenser, k\u00f6phistorik och annan navigeringsdata, s\u00e5som bes\u00f6kta webbplatser och annonser som tittats p\u00e5 eller klickat p\u00e5, som anv\u00e4nds f\u00f6r att skr\u00e4ddarsy inneh\u00e5ll och reklam efter dina intressen och preferenser.<br>Data som samlas in fr\u00e5n offentligt synliga k\u00e4llor, som blogginl\u00e4gg, videor och andra inl\u00e4gg online, anv\u00e4nds f\u00f6r att skr\u00e4ddarsy inneh\u00e5ll och reklam f\u00f6r enskilda anv\u00e4ndare.<\/p>\n\n\n\n<h3 class=\"wp-block-heading\"><strong>Plattformar som sociala medier och andra tredjepartstj\u00e4nster<\/strong><\/h3>\n\n\n\n<p>Vissa av v\u00e5ra tj\u00e4nster kan ha funktioner som g\u00f6r att du kan engagera dig i sociala medieplattformar och tredjepartstj\u00e4nster (t.ex. Facebook, Twitter, Instagram och lojalitetsprogram).<\/p>\n<\/div>\n<\/div>\n\n\n\n<div style=\"height:50px\" aria-hidden=\"true\" class=\"wp-block-spacer\"><\/div>\n\n\n\n<h2 class=\"alignwide wp-block-heading\"><strong>S\u00e4tten vi anv\u00e4nder din data<\/strong><\/h2>\n\n\n\n<div class=\"wp-block-columns alignwide is-layout-flex wp-container-core-columns-is-layout-9d6595d7 wp-block-columns-is-layout-flex\">\n<div class=\"wp-block-column is-layout-flow wp-block-column-is-layout-flow\">\n<p class=\"has-medium-font-size\">\u00c4ven om avsnitten nedan anger v\u00e5ra huvudsakliga sk\u00e4l till att samla in din information, har vi ofta mer \u00e4n ett m\u00e5l i olika fall.<\/p>\n<\/div>\n<\/div>\n\n\n\n<div class=\"wp-block-columns alignwide is-layout-flex wp-container-core-columns-is-layout-9d6595d7 wp-block-columns-is-layout-flex\">\n<div class=\"wp-block-column is-layout-flow wp-block-column-is-layout-flow\">\n<p>\u2022 Att k\u00e4nna igen dig n\u00e4r du interagerar med oss och v\u00e5ra webbplatser, tj\u00e4nster och produkter.<br>\u2022 Baserat p\u00e5 dina interaktioner och intressen kommer vi att tillhandah\u00e5lla inneh\u00e5ll och produktf\u00f6rslag.<br>\u2022 Att tillhandah\u00e5lla v\u00e5ra tj\u00e4nster till dig n\u00e4r du slutf\u00f6r formul\u00e4r och f\u00f6rfr\u00e5gningar som g\u00f6rs via v\u00e5ra tj\u00e4nster och genom v\u00e5ra partner.<br>\u2022 Att utnyttja kontakten med dig (till exempel ang\u00e5ende en f\u00f6rfr\u00e5gan du gjort till oss p\u00e5 v\u00e5r kontaktsida) och svara p\u00e5 f\u00f6rfr\u00e5gningar om assistans, jobbm\u00f6jligheter eller andra f\u00f6rfr\u00e5gningar.<br>\u2022 I enlighet med relevanta best\u00e4mmelser kommer vi att tillhandah\u00e5lla marknadsf\u00f6rings- och reklamkommunikation kopplad till v\u00e5ra tj\u00e4nster, s\u00e5som information om v\u00e5ra varor, tj\u00e4nster, f\u00f6rs\u00e4ljning, marknadsunders\u00f6kningar eller kampanjer.<br>\u2022 Vi anv\u00e4nder informationen vi samlar in f\u00f6r att f\u00f6rb\u00e4ttra v\u00e5ra reklamsystem f\u00f6r att visa dig relevant intressebaserad reklam.<\/p>\n<\/div>\n\n\n\n<div class=\"wp-block-column is-layout-flow wp-block-column-is-layout-flow\">\n<p>\u2022 F\u00f6r att bekr\u00e4fta din anm\u00e4lan och beh\u00f6righet att delta i t\u00e4vlingar, freebies eller lotterier, och meddela dig om du har vunnit. Om vi \u200b\u200bavser att anv\u00e4nda din inl\u00e4mningsinformation av n\u00e5gon annan anledning kommer vi att g\u00f6ra det tydligt i reglerna som styr den t\u00e4vlingen, kampanjen eller utlottningarna.<br>\u2022 Att \u00f6vervaka, f\u00f6rb\u00e4ttra och analysera v\u00e5ra tj\u00e4nster och reklamprodukter.<br>\u2022 F\u00f6r interna administrativa funktioner, s\u00e5som s\u00e4kerheten och s\u00e4kerheten f\u00f6r v\u00e5ra tj\u00e4nster och f\u00f6rvaltningen av v\u00e5ra partnerskap.<br>\u2022 F\u00f6r att du ska kunna engagera dig i social delning, inklusive livefl\u00f6den f\u00f6r sociala medier, och implementera alla sociala funktioner du vill anv\u00e4nda.<br>\u2022 F\u00f6r att identifiera och skydda mot skadligt, vilseledande, bedr\u00e4gligt eller olagligt beteende, inklusive f\u00f6rs\u00f6k att manipulera eller bryta mot v\u00e5ra regler, processer och villkor.<br>\u2022 F\u00f6r att uppfylla juridiska skyldigheter, etablera eller ut\u00f6va v\u00e5ra r\u00e4ttigheter, f\u00f6rsvara sig mot ett r\u00e4ttsligt anspr\u00e5k, och unders\u00f6ka, f\u00f6rhindra eller vidta \u00e5tg\u00e4rder vid potentiellt felaktigt upptr\u00e4dande.<\/p>\n<\/div>\n<\/div>\n\n\n\n<div style=\"height:50px\" aria-hidden=\"true\" class=\"wp-block-spacer\"><\/div>\n\n\n\n<p><\/p>\n\n\n\n<h2 class=\"alignwide wp-block-heading\"><strong>N\u00e4r och hur vi delar eller r\u00f6jer dina data<\/strong><\/h2>\n\n\n\n<div class=\"wp-block-columns alignwide is-layout-flex wp-container-core-columns-is-layout-9d6595d7 wp-block-columns-is-layout-flex\">\n<div class=\"wp-block-column is-layout-flow wp-block-column-is-layout-flow\">\n<p class=\"has-medium-font-size\">Vi kan komma att dela din personliga information under f\u00f6ljande omst\u00e4ndigheter, ut\u00f6ver de som anges p\u00e5 annat h\u00e5ll i denna policy:<\/p>\n\n\n\n<div class=\"wp-block-columns is-layout-flex wp-container-core-columns-is-layout-9d6595d7 wp-block-columns-is-layout-flex\">\n<div class=\"wp-block-column is-layout-flow wp-block-column-is-layout-flow\">\n<p>\u2022 Med Cosmenas webbplats, f\u00f6rv\u00e4rv och affiliates.<br>\u2022 Vi kan komma att dela din information med v\u00e5ra webbplatser (cosmena.com). Vi kan ocks\u00e5 avsl\u00f6ja din personliga information till v\u00e5ra dotterbolag (t.ex. systerbolag, moderbolag, joint ventures, dotterbolag, joint ventures eller andra f\u00f6retag under gemensam kontroll).<br>\u2022 F\u00f6r att f\u00f6rb\u00e4ttra v\u00e5ra tj\u00e4nster. Vi kan komma att dela din information med tredjepartstj\u00e4nsteleverant\u00f6rer som hj\u00e4lper oss med v\u00e5r aff\u00e4rsverksamhet.<br>\u2022 Vi f\u00f6rbeh\u00e5ller oss r\u00e4tten att dela aggregerad, anonym data med tredje part. Dessa uppgifter \u00e4r inte kopplade till n\u00e5gon personlig information som kan anv\u00e4ndas f\u00f6r att identifiera dig eller en annan individ.<\/p>\n<\/div>\n\n\n\n<div class=\"wp-block-column is-layout-flow wp-block-column-is-layout-flow\">\n<p>\u2022 F\u00f6r att rikta in sig p\u00e5 nuvarande anv\u00e4ndare och kunder med h\u00f6gst relevanta reklamkampanjer kan vi dela viss data med reklamplattformar som Google och sociala n\u00e4tverk som Tiktok, Twitter, Facebook, LinkedIn och Snapchat.<br>\u2022 F\u00f6rutom annonser f\u00f6r v\u00e5ra egna produkter och tj\u00e4nster kan vi hj\u00e4lpa tredje part att marknadsf\u00f6ra sina egna varor och tj\u00e4nster.<br>\u2022 Vi kan komma att l\u00e4mna ut information som svar p\u00e5 st\u00e4mningar, order eller domstolsbeslut, som en del av en r\u00e4ttslig process eller f\u00f6lja till\u00e4mpliga lagar.<\/p>\n<\/div>\n<\/div>\n<\/div>\n<\/div>\n\n\n\n<div style=\"height:50px\" aria-hidden=\"true\" class=\"wp-block-spacer\"><\/div>\n\n\n\n<h2 class=\"alignwide wp-block-heading\"><strong>Sparande av data<\/strong><\/h2>\n\n\n\n<div class=\"wp-block-columns alignwide is-layout-flex wp-container-core-columns-is-layout-9d6595d7 wp-block-columns-is-layout-flex\">\n<div class=\"wp-block-column is-layout-flow wp-block-column-is-layout-flow\">\n<p>Vi lagrar dina personuppgifter s\u00e5 l\u00e4nge som det kr\u00e4vs f\u00f6r de \u00e4ndam\u00e5l som de behandlas. Dessa tidsperioder skiljer sig beroende p\u00e5 informationens karakt\u00e4r och dina interaktioner med oss. Personlig data lagras vanligtvis inte l\u00e4ngre \u00e4n tre m\u00e5nader<br><\/p>\n\n\n\n<p>N\u00e4r vi har slutf\u00f6rt sk\u00e4len till att vi behandlade din personliga information kan vi antingen permanent radera eller f\u00f6rst\u00f6ra relevanta personuppgifter eller anonymisera den p\u00e5 ett s\u00e5dant s\u00e4tt att individer inte l\u00e4ngre kan k\u00e4nnas igen.<\/p>\n<\/div>\n<\/div>\n\n\n\n<div style=\"height:50px\" aria-hidden=\"true\" class=\"wp-block-spacer\"><\/div>\n\n\n\n<h2 class=\"alignwide wp-block-heading\"><strong>Dina r\u00e4ttigheter<\/strong><\/h2>\n\n\n\n<div class=\"wp-block-columns alignwide is-layout-flex wp-container-core-columns-is-layout-9d6595d7 wp-block-columns-is-layout-flex\">\n<div class=\"wp-block-column is-layout-flow wp-block-column-is-layout-flow\">\n<p class=\"has-medium-font-size\">Du har f\u00f6ljande alternativ n\u00e4r det kommer till din personliga information:<\/p>\n<\/div>\n<\/div>\n\n\n\n<div class=\"wp-block-columns alignwide is-layout-flex wp-container-core-columns-is-layout-9d6595d7 wp-block-columns-is-layout-flex\">\n<div class=\"wp-block-column is-layout-flow wp-block-column-is-layout-flow\">\n<h3 class=\"wp-block-heading\">F\u00e5 tillg\u00e5ng till din data<br><\/h3>\n\n\n\n<p>Du har r\u00e4tt att beg\u00e4ra tillg\u00e5ng till den personliga information som vi samlar in f\u00f6r din r\u00e4kning. Om det kr\u00e4vs enligt lag ska vi ge dig rimlig tillg\u00e5ng till den personliga information som vi har registrerat f\u00f6r dig p\u00e5 beg\u00e4ran.<br><\/p>\n\n\n\n<h3 class=\"wp-block-heading\">\u00c4ndringar av din data<\/h3>\n\n\n\n<p>Vi \u00e4r beroende av att du h\u00e5ller din personliga information uppdaterad och korrekt.<br><\/p>\n\n\n\n<h3 class=\"wp-block-heading\">Din data kommer att raderas<br><\/h3>\n\n\n\n<p>N\u00e4r vi samlar in information beh\u00e5ller vi endast din personliga information s\u00e5 l\u00e4nge som \u00e4r n\u00f6dv\u00e4ndigt f\u00f6r att uppn\u00e5 de m\u00e5l som n\u00e4mns i denna policy, s\u00e5vida det inte \u00e4r till\u00e5tet enligt lag.<br><\/p>\n\n\n\n<h3 class=\"wp-block-heading\">Inv\u00e4ndning mot specifik bearbetning<br><\/h3>\n\n\n\n<p>Kontakta oss ang\u00e5ende eventuella fr\u00e5gor om hur vi anv\u00e4nder din personliga information under hela behandlingen av din information.<br><\/p>\n\n\n\n<h3 class=\"wp-block-heading\">Sp\u00e5rning \u00f6ver internet<br><\/h3>\n\n\n\n<p>Vi k\u00e4nner f\u00f6r n\u00e4rvarande igen automatiska webbl\u00e4sarsignaler om sp\u00e5rningstekniker, s\u00e5som &#8221;Do Not Track&#8221;-direktiv.<br><\/p>\n\n\n\n<h3 class=\"wp-block-heading\">Cookies<\/h3>\n\n\n\n<p>De flesta webbplatser l\u00e5ter dig granska dina cookieinst\u00e4llningar genom att klicka p\u00e5 l\u00e4nken &#8221;cookieinst\u00e4llningar&#8221; i sidfoten. V\u00e5r cookiepolicy inneh\u00e5ller ocks\u00e5 ytterligare information om de inst\u00e4llningar du kan \u00e4ndra.<\/p>\n<\/div>\n\n\n\n<div class=\"wp-block-column is-layout-flow wp-block-column-is-layout-flow\">\n<h3 class=\"wp-block-heading\">Samtycke kan \u00e5terkallas<br><\/h3>\n\n\n\n<p>Om du \u00e5terkallar ditt tillst\u00e5nd att behandla personuppgifter kan vi inte f\u00f6rse dig med vissa av tj\u00e4nsterna. Dessutom kan vi begr\u00e4nsa eller avsl\u00e5 din beg\u00e4ran om att dra tillbaka tillst\u00e5nd i specifika situationer om lagen kr\u00e4ver eller till\u00e5ter det, eller om vi inte kan verifiera din identitet fullst\u00e4ndigt.<br><\/p>\n\n\n\n<p>I enlighet med lag kommer vi att be dig att uppvisa bevis p\u00e5 din identifikation f\u00f6r att uppfylla din beg\u00e4ran. Beroende p\u00e5 din beg\u00e4ran kommer vi att be dig att l\u00e4mna in ditt namn, telefonnummer och e-postadress som ett minimum.<br><\/p>\n\n\n\n<h3 class=\"wp-block-heading\">E-postmeddelanden med reklaminneh\u00e5ll<br><\/h3>\n\n\n\n<p>Du kan v\u00e4lja att ge oss din e-postadress s\u00e5 att vi kan skicka enk\u00e4ter, nyhetsbrev, erbjudanden och annat reklammaterial, s\u00e5v\u00e4l som skr\u00e4ddarsydda erbjudanden fr\u00e5n tredje part. Du kan v\u00e4lja bort reklammeddelanden genom att f\u00f6lja instruktionerna f\u00f6r att avsluta prenumerationen i e-postmeddelandet.<br><\/p>\n\n\n\n<h3 class=\"wp-block-heading\">Utskick i reklamsyfte<br><\/h3>\n\n\n\n<p>F\u00f6r att avregistrera dig fr\u00e5n att ta emot erbjudanden och\/eller cirkul\u00e4r fr\u00e5n oss kan du g\u00f6ra det n\u00e4r som helst genom att skicka ett e-postmeddelande till (e-postadress).<\/p>\n<\/div>\n<\/div>\n\n\n\n<div style=\"height:50px\" aria-hidden=\"true\" class=\"wp-block-spacer\"><\/div>\n","protected":false},"excerpt":{"rendered":"<p>Information &amp; data vi samlar in Beroende p\u00e5 vilken typ av koppling du har&#8230;<\/p>\n","protected":false},"author":4,"featured_media":0,"parent":0,"menu_order":0,"comment_status":"closed","ping_status":"closed","template":"","meta":{"_acf_changed":false,"footnotes":""},"class_list":["post-3763","page","type-page","status-publish","hentry"],"acf":[],"yoast_head":"<!-- This site is optimized with the Yoast SEO plugin v27.0 - https:\/\/yoast.com\/product\/yoast-seo-wordpress\/ -->\n<title>Integritetspolicy - Cosmena<\/title>\n<meta name=\"description\" content=\"Vi tar v\u00e5ra dataskyddskrav p\u00e5 st\u00f6rsta allvar och vi vill att du ska f\u00f6rst\u00e5 hur vi anv\u00e4nder din Data. V\u00e5r integritetspolicy beskriver detta\" \/>\n<meta name=\"robots\" content=\"index, follow, max-snippet:-1, max-image-preview:large, max-video-preview:-1\" \/>\n<link rel=\"canonical\" href=\"https:\/\/cosmena.com\/sv\/integritetspolicy\/\" \/>\n<meta property=\"og:locale\" content=\"sv_SE\" \/>\n<meta property=\"og:type\" content=\"article\" \/>\n<meta property=\"og:title\" content=\"Integritetspolicy - Cosmena\" \/>\n<meta property=\"og:description\" content=\"Vi tar v\u00e5ra dataskyddskrav p\u00e5 st\u00f6rsta allvar och vi vill att du ska f\u00f6rst\u00e5 hur vi anv\u00e4nder din Data. V\u00e5r integritetspolicy beskriver detta\" \/>\n<meta property=\"og:url\" content=\"https:\/\/cosmena.com\/sv\/integritetspolicy\/\" \/>\n<meta property=\"og:site_name\" content=\"Cosmena\" \/>\n<meta property=\"article:modified_time\" content=\"2022-02-18T07:46:25+00:00\" \/>\n<meta property=\"og:image\" content=\"http:\/\/cosmena.com\/wp-content\/uploads\/2021\/12\/privacy-policy-hero-1200-675px-1024x576.png\" \/>\n<meta name=\"twitter:card\" content=\"summary_large_image\" \/>\n<meta name=\"twitter:label1\" content=\"Ber\u00e4knad l\u00e4stid\" \/>\n\t<meta name=\"twitter:data1\" content=\"10 minuter\" \/>\n<!-- \/ Yoast SEO plugin. -->","yoast_head_json":{"title":"Integritetspolicy - Cosmena","description":"Vi tar v\u00e5ra dataskyddskrav p\u00e5 st\u00f6rsta allvar och vi vill att du ska f\u00f6rst\u00e5 hur vi anv\u00e4nder din Data. V\u00e5r integritetspolicy beskriver detta","robots":{"index":"index","follow":"follow","max-snippet":"max-snippet:-1","max-image-preview":"max-image-preview:large","max-video-preview":"max-video-preview:-1"},"canonical":"https:\/\/cosmena.com\/sv\/integritetspolicy\/","og_locale":"sv_SE","og_type":"article","og_title":"Integritetspolicy - Cosmena","og_description":"Vi tar v\u00e5ra dataskyddskrav p\u00e5 st\u00f6rsta allvar och vi vill att du ska f\u00f6rst\u00e5 hur vi anv\u00e4nder din Data. V\u00e5r integritetspolicy beskriver detta","og_url":"https:\/\/cosmena.com\/sv\/integritetspolicy\/","og_site_name":"Cosmena","article_modified_time":"2022-02-18T07:46:25+00:00","og_image":[{"url":"http:\/\/cosmena.com\/wp-content\/uploads\/2021\/12\/privacy-policy-hero-1200-675px-1024x576.png","type":"","width":"","height":""}],"twitter_card":"summary_large_image","twitter_misc":{"Ber\u00e4knad l\u00e4stid":"10 minuter"},"schema":{"@context":"https:\/\/schema.org","@graph":[{"@type":"WebPage","@id":"https:\/\/cosmena.com\/sv\/integritetspolicy\/","url":"https:\/\/cosmena.com\/sv\/integritetspolicy\/","name":"Integritetspolicy - Cosmena","isPartOf":{"@id":"https:\/\/cosmena.com\/sv\/#website"},"primaryImageOfPage":{"@id":"https:\/\/cosmena.com\/sv\/integritetspolicy\/#primaryimage"},"image":{"@id":"https:\/\/cosmena.com\/sv\/integritetspolicy\/#primaryimage"},"thumbnailUrl":"http:\/\/cosmena.com\/wp-content\/uploads\/2021\/12\/privacy-policy-hero-1200-675px-1024x576.png","datePublished":"2022-02-13T10:39:59+00:00","dateModified":"2022-02-18T07:46:25+00:00","description":"Vi tar v\u00e5ra dataskyddskrav p\u00e5 st\u00f6rsta allvar och vi vill att du ska f\u00f6rst\u00e5 hur vi anv\u00e4nder din Data. V\u00e5r integritetspolicy beskriver detta","breadcrumb":{"@id":"https:\/\/cosmena.com\/sv\/integritetspolicy\/#breadcrumb"},"inLanguage":"sv-SE","potentialAction":[{"@type":"ReadAction","target":["https:\/\/cosmena.com\/sv\/integritetspolicy\/"]}]},{"@type":"ImageObject","inLanguage":"sv-SE","@id":"https:\/\/cosmena.com\/sv\/integritetspolicy\/#primaryimage","url":"http:\/\/cosmena.com\/wp-content\/uploads\/2021\/12\/privacy-policy-hero-1200-675px-1024x576.png","contentUrl":"http:\/\/cosmena.com\/wp-content\/uploads\/2021\/12\/privacy-policy-hero-1200-675px-1024x576.png"},{"@type":"BreadcrumbList","@id":"https:\/\/cosmena.com\/sv\/integritetspolicy\/#breadcrumb","itemListElement":[{"@type":"ListItem","position":1,"name":"Home","item":"https:\/\/cosmena.com\/sv\/"},{"@type":"ListItem","position":2,"name":"Integritetspolicy"}]},{"@type":"WebSite","@id":"https:\/\/cosmena.com\/sv\/#website","url":"https:\/\/cosmena.com\/sv\/","name":"Cosmena","description":"Your extensive guide to cosmetic treatments","publisher":{"@id":"https:\/\/cosmena.com\/sv\/#organization"},"potentialAction":[{"@type":"SearchAction","target":{"@type":"EntryPoint","urlTemplate":"https:\/\/cosmena.com\/sv\/?s={search_term_string}"},"query-input":{"@type":"PropertyValueSpecification","valueRequired":true,"valueName":"search_term_string"}}],"inLanguage":"sv-SE"},{"@type":"Organization","@id":"https:\/\/cosmena.com\/sv\/#organization","name":"Cosmena","url":"https:\/\/cosmena.com\/sv\/","logo":{"@type":"ImageObject","inLanguage":"sv-SE","@id":"https:\/\/cosmena.com\/sv\/#\/schema\/logo\/image\/","url":"https:\/\/cosmena.com\/wp-content\/uploads\/2021\/06\/cosmena-logo-bw-1.1.png","contentUrl":"https:\/\/cosmena.com\/wp-content\/uploads\/2021\/06\/cosmena-logo-bw-1.1.png","width":600,"height":82,"caption":"Cosmena"},"image":{"@id":"https:\/\/cosmena.com\/sv\/#\/schema\/logo\/image\/"}}]}},"_links":{"self":[{"href":"https:\/\/cosmena.com\/sv\/wp-json\/wp\/v2\/pages\/3763","targetHints":{"allow":["GET"]}}],"collection":[{"href":"https:\/\/cosmena.com\/sv\/wp-json\/wp\/v2\/pages"}],"about":[{"href":"https:\/\/cosmena.com\/sv\/wp-json\/wp\/v2\/types\/page"}],"author":[{"embeddable":true,"href":"https:\/\/cosmena.com\/sv\/wp-json\/wp\/v2\/users\/4"}],"replies":[{"embeddable":true,"href":"https:\/\/cosmena.com\/sv\/wp-json\/wp\/v2\/comments?post=3763"}],"version-history":[{"count":16,"href":"https:\/\/cosmena.com\/sv\/wp-json\/wp\/v2\/pages\/3763\/revisions"}],"predecessor-version":[{"id":4659,"href":"https:\/\/cosmena.com\/sv\/wp-json\/wp\/v2\/pages\/3763\/revisions\/4659"}],"wp:attachment":[{"href":"https:\/\/cosmena.com\/sv\/wp-json\/wp\/v2\/media?parent=3763"}],"curies":[{"name":"wp","href":"https:\/\/api.w.org\/{rel}","templated":true}]}}